{"id":413,"date":"2025-12-01T08:45:11","date_gmt":"2025-12-01T07:45:11","guid":{"rendered":"https:\/\/www.tiendafundacionbretal.com\/producto\/real-mosteiro-de-oia-un-monasterio-vinculado-al-mar\/"},"modified":"2025-12-02T12:23:02","modified_gmt":"2025-12-02T11:23:02","slug":"real-mosteiro-de-oia-un-monasterio-vinculado-al-mar","status":"publish","type":"product","link":"https:\/\/www.tiendafundacionbretal.com\/gl\/producto\/real-mosteiro-de-oia-un-monasterio-vinculado-al-mar\/","title":{"rendered":"Un monasterio vinculado al mar"},"content":{"rendered":"<p data-start=\"0\" data-end=\"365\">O que fai excepcional ao mosteiro de Santa Mar\u00eda de Oia, de entre todos os mosteiros da Orde de C\u00edster en Europa, \u00e9 a s\u00faa situaci\u00f3n fronte ao oc\u00e9ano. Este feito condicionou o seu devir desde os seus inicios, a mediados do s\u00e9culo XII.<\/p>\n<p data-start=\"0\" data-end=\"365\">Un libro que <strong>recolle m\u00e1is de 875 anos de historia<\/strong> a trav\u00e9s da mirada de Mayte Prieto, que dedicou varios anos ao estudo do cenobio.<\/p>\n","protected":false},"excerpt":{"rendered":"<p>O que fai excepcional ao mosteiro de Santa Mar\u00eda de Oia, de entre todos os mosteiros da Orde de C\u00edster en Europa, \u00e9 a s\u00faa situaci\u00f3n fronte ao oc\u00e9ano. Este feito condicionou o seu devir desde os seus inicios, a mediados do s\u00e9culo XII. Un libro que recolle m\u00e1is de 875 anos de historia a [&hellip;]<\/p>\n","protected":false},"featured_media":524,"comment_status":"open","ping_status":"closed","template":"","meta":{"_acf_changed":false},"product_brand":[],"product_cat":[30],"product_tag":[],"class_list":{"0":"post-413","1":"product","2":"type-product","3":"status-publish","4":"has-post-thumbnail","6":"product_cat-sin-categoria","8":"first","9":"instock","10":"shipping-taxable","11":"purchasable","12":"product-type-simple"},"acf":[],"yoast_head":"<!-- This site is optimized with the Yoast SEO plugin v26.7 - https:\/\/yoast.com\/wordpress\/plugins\/seo\/ -->\n<title>Un monasterio vinculado al mar - Tienda Fundacion Bretal<\/title>\n<meta name=\"robots\" content=\"index, follow, max-snippet:-1, max-image-preview:large, max-video-preview:-1\" \/>\n<link rel=\"canonical\" href=\"https:\/\/www.tiendafundacionbretal.com\/gl\/producto\/real-mosteiro-de-oia-un-monasterio-vinculado-al-mar\/\" \/>\n<meta property=\"og:locale\" content=\"gl_ES\" \/>\n<meta property=\"og:type\" content=\"article\" \/>\n<meta property=\"og:title\" content=\"Un monasterio vinculado al mar - Tienda Fundacion Bretal\" \/>\n<meta property=\"og:description\" content=\"O que fai excepcional ao mosteiro de Santa Mar\u00eda de Oia, de entre todos os mosteiros da Orde de C\u00edster en Europa, \u00e9 a s\u00faa situaci\u00f3n fronte ao oc\u00e9ano. Este feito condicionou o seu devir desde os seus inicios, a mediados do s\u00e9culo XII. Un libro que recolle m\u00e1is de 875 anos de historia a [&hellip;]\" \/>\n<meta property=\"og:url\" content=\"https:\/\/www.tiendafundacionbretal.com\/gl\/producto\/real-mosteiro-de-oia-un-monasterio-vinculado-al-mar\/\" \/>\n<meta property=\"og:site_name\" content=\"Tienda Fundacion Bretal\" \/>\n<meta property=\"article:modified_time\" content=\"2025-12-02T11:23:02+00:00\" \/>\n<meta property=\"og:image\" content=\"https:\/\/www.tiendafundacionbretal.com\/wp-content\/uploads\/2025\/09\/Portada-2.jpg\" \/>\n\t<meta property=\"og:image:width\" content=\"700\" \/>\n\t<meta property=\"og:image:height\" content=\"1050\" \/>\n\t<meta property=\"og:image:type\" content=\"image\/jpeg\" \/>\n<meta name=\"twitter:card\" content=\"summary_large_image\" \/>\n<script type=\"application\/ld+json\" class=\"yoast-schema-graph\">{\"@context\":\"https:\/\/schema.org\",\"@graph\":[{\"@type\":\"WebPage\",\"@id\":\"https:\/\/www.tiendafundacionbretal.com\/gl\/producto\/real-mosteiro-de-oia-un-monasterio-vinculado-al-mar\/\",\"url\":\"https:\/\/www.tiendafundacionbretal.com\/gl\/producto\/real-mosteiro-de-oia-un-monasterio-vinculado-al-mar\/\",\"name\":\"Un monasterio vinculado al mar - Tienda Fundacion Bretal\",\"isPartOf\":{\"@id\":\"https:\/\/www.tiendafundacionbretal.com\/#website\"},\"primaryImageOfPage\":{\"@id\":\"https:\/\/www.tiendafundacionbretal.com\/gl\/producto\/real-mosteiro-de-oia-un-monasterio-vinculado-al-mar\/#primaryimage\"},\"image\":{\"@id\":\"https:\/\/www.tiendafundacionbretal.com\/gl\/producto\/real-mosteiro-de-oia-un-monasterio-vinculado-al-mar\/#primaryimage\"},\"thumbnailUrl\":\"https:\/\/www.tiendafundacionbretal.com\/wp-content\/uploads\/2025\/09\/Portada-2.jpg\",\"datePublished\":\"2025-12-01T07:45:11+00:00\",\"dateModified\":\"2025-12-02T11:23:02+00:00\",\"breadcrumb\":{\"@id\":\"https:\/\/www.tiendafundacionbretal.com\/gl\/producto\/real-mosteiro-de-oia-un-monasterio-vinculado-al-mar\/#breadcrumb\"},\"inLanguage\":\"gl-ES\",\"potentialAction\":[{\"@type\":\"ReadAction\",\"target\":[\"https:\/\/www.tiendafundacionbretal.com\/gl\/producto\/real-mosteiro-de-oia-un-monasterio-vinculado-al-mar\/\"]}]},{\"@type\":\"ImageObject\",\"inLanguage\":\"gl-ES\",\"@id\":\"https:\/\/www.tiendafundacionbretal.com\/gl\/producto\/real-mosteiro-de-oia-un-monasterio-vinculado-al-mar\/#primaryimage\",\"url\":\"https:\/\/www.tiendafundacionbretal.com\/wp-content\/uploads\/2025\/09\/Portada-2.jpg\",\"contentUrl\":\"https:\/\/www.tiendafundacionbretal.com\/wp-content\/uploads\/2025\/09\/Portada-2.jpg\",\"width\":700,\"height\":1050},{\"@type\":\"BreadcrumbList\",\"@id\":\"https:\/\/www.tiendafundacionbretal.com\/gl\/producto\/real-mosteiro-de-oia-un-monasterio-vinculado-al-mar\/#breadcrumb\",\"itemListElement\":[{\"@type\":\"ListItem\",\"position\":1,\"name\":\"Portada\",\"item\":\"https:\/\/www.tiendafundacionbretal.com\/gl\/inicio\/\"},{\"@type\":\"ListItem\",\"position\":2,\"name\":\"Tenda\",\"item\":\"https:\/\/www.tiendafundacionbretal.com\/gl\/tenda\/\"},{\"@type\":\"ListItem\",\"position\":3,\"name\":\"Un monasterio vinculado al mar\"}]},{\"@type\":\"WebSite\",\"@id\":\"https:\/\/www.tiendafundacionbretal.com\/#website\",\"url\":\"https:\/\/www.tiendafundacionbretal.com\/\",\"name\":\"Tienda Fundacion Bretal\",\"description\":\"\",\"publisher\":{\"@id\":\"https:\/\/www.tiendafundacionbretal.com\/#organization\"},\"potentialAction\":[{\"@type\":\"SearchAction\",\"target\":{\"@type\":\"EntryPoint\",\"urlTemplate\":\"https:\/\/www.tiendafundacionbretal.com\/?s={search_term_string}\"},\"query-input\":{\"@type\":\"PropertyValueSpecification\",\"valueRequired\":true,\"valueName\":\"search_term_string\"}}],\"inLanguage\":\"gl-ES\"},{\"@type\":\"Organization\",\"@id\":\"https:\/\/www.tiendafundacionbretal.com\/#organization\",\"name\":\"Tienda Fundacion Bretal\",\"url\":\"https:\/\/www.tiendafundacionbretal.com\/\",\"logo\":{\"@type\":\"ImageObject\",\"inLanguage\":\"gl-ES\",\"@id\":\"https:\/\/www.tiendafundacionbretal.com\/#\/schema\/logo\/image\/\",\"url\":\"https:\/\/www.tiendafundacionbretal.com\/wp-content\/uploads\/2025\/08\/Logo_Serra-da-Groba.svg\",\"contentUrl\":\"https:\/\/www.tiendafundacionbretal.com\/wp-content\/uploads\/2025\/08\/Logo_Serra-da-Groba.svg\",\"caption\":\"Tienda Fundacion Bretal\"},\"image\":{\"@id\":\"https:\/\/www.tiendafundacionbretal.com\/#\/schema\/logo\/image\/\"}}]}<\/script>\n<!-- \/ Yoast SEO plugin. -->","yoast_head_json":{"title":"Un monasterio vinculado al mar - Tienda Fundacion Bretal","robots":{"index":"index","follow":"follow","max-snippet":"max-snippet:-1","max-image-preview":"max-image-preview:large","max-video-preview":"max-video-preview:-1"},"canonical":"https:\/\/www.tiendafundacionbretal.com\/gl\/producto\/real-mosteiro-de-oia-un-monasterio-vinculado-al-mar\/","og_locale":"gl_ES","og_type":"article","og_title":"Un monasterio vinculado al mar - Tienda Fundacion Bretal","og_description":"O que fai excepcional ao mosteiro de Santa Mar\u00eda de Oia, de entre todos os mosteiros da Orde de C\u00edster en Europa, \u00e9 a s\u00faa situaci\u00f3n fronte ao oc\u00e9ano. Este feito condicionou o seu devir desde os seus inicios, a mediados do s\u00e9culo XII. Un libro que recolle m\u00e1is de 875 anos de historia a [&hellip;]","og_url":"https:\/\/www.tiendafundacionbretal.com\/gl\/producto\/real-mosteiro-de-oia-un-monasterio-vinculado-al-mar\/","og_site_name":"Tienda Fundacion Bretal","article_modified_time":"2025-12-02T11:23:02+00:00","og_image":[{"width":700,"height":1050,"url":"https:\/\/www.tiendafundacionbretal.com\/wp-content\/uploads\/2025\/09\/Portada-2.jpg","type":"image\/jpeg"}],"twitter_card":"summary_large_image","schema":{"@context":"https:\/\/schema.org","@graph":[{"@type":"WebPage","@id":"https:\/\/www.tiendafundacionbretal.com\/gl\/producto\/real-mosteiro-de-oia-un-monasterio-vinculado-al-mar\/","url":"https:\/\/www.tiendafundacionbretal.com\/gl\/producto\/real-mosteiro-de-oia-un-monasterio-vinculado-al-mar\/","name":"Un monasterio vinculado al mar - Tienda Fundacion Bretal","isPartOf":{"@id":"https:\/\/www.tiendafundacionbretal.com\/#website"},"primaryImageOfPage":{"@id":"https:\/\/www.tiendafundacionbretal.com\/gl\/producto\/real-mosteiro-de-oia-un-monasterio-vinculado-al-mar\/#primaryimage"},"image":{"@id":"https:\/\/www.tiendafundacionbretal.com\/gl\/producto\/real-mosteiro-de-oia-un-monasterio-vinculado-al-mar\/#primaryimage"},"thumbnailUrl":"https:\/\/www.tiendafundacionbretal.com\/wp-content\/uploads\/2025\/09\/Portada-2.jpg","datePublished":"2025-12-01T07:45:11+00:00","dateModified":"2025-12-02T11:23:02+00:00","breadcrumb":{"@id":"https:\/\/www.tiendafundacionbretal.com\/gl\/producto\/real-mosteiro-de-oia-un-monasterio-vinculado-al-mar\/#breadcrumb"},"inLanguage":"gl-ES","potentialAction":[{"@type":"ReadAction","target":["https:\/\/www.tiendafundacionbretal.com\/gl\/producto\/real-mosteiro-de-oia-un-monasterio-vinculado-al-mar\/"]}]},{"@type":"ImageObject","inLanguage":"gl-ES","@id":"https:\/\/www.tiendafundacionbretal.com\/gl\/producto\/real-mosteiro-de-oia-un-monasterio-vinculado-al-mar\/#primaryimage","url":"https:\/\/www.tiendafundacionbretal.com\/wp-content\/uploads\/2025\/09\/Portada-2.jpg","contentUrl":"https:\/\/www.tiendafundacionbretal.com\/wp-content\/uploads\/2025\/09\/Portada-2.jpg","width":700,"height":1050},{"@type":"BreadcrumbList","@id":"https:\/\/www.tiendafundacionbretal.com\/gl\/producto\/real-mosteiro-de-oia-un-monasterio-vinculado-al-mar\/#breadcrumb","itemListElement":[{"@type":"ListItem","position":1,"name":"Portada","item":"https:\/\/www.tiendafundacionbretal.com\/gl\/inicio\/"},{"@type":"ListItem","position":2,"name":"Tenda","item":"https:\/\/www.tiendafundacionbretal.com\/gl\/tenda\/"},{"@type":"ListItem","position":3,"name":"Un monasterio vinculado al mar"}]},{"@type":"WebSite","@id":"https:\/\/www.tiendafundacionbretal.com\/#website","url":"https:\/\/www.tiendafundacionbretal.com\/","name":"Tienda Fundacion Bretal","description":"","publisher":{"@id":"https:\/\/www.tiendafundacionbretal.com\/#organization"},"potentialAction":[{"@type":"SearchAction","target":{"@type":"EntryPoint","urlTemplate":"https:\/\/www.tiendafundacionbretal.com\/?s={search_term_string}"},"query-input":{"@type":"PropertyValueSpecification","valueRequired":true,"valueName":"search_term_string"}}],"inLanguage":"gl-ES"},{"@type":"Organization","@id":"https:\/\/www.tiendafundacionbretal.com\/#organization","name":"Tienda Fundacion Bretal","url":"https:\/\/www.tiendafundacionbretal.com\/","logo":{"@type":"ImageObject","inLanguage":"gl-ES","@id":"https:\/\/www.tiendafundacionbretal.com\/#\/schema\/logo\/image\/","url":"https:\/\/www.tiendafundacionbretal.com\/wp-content\/uploads\/2025\/08\/Logo_Serra-da-Groba.svg","contentUrl":"https:\/\/www.tiendafundacionbretal.com\/wp-content\/uploads\/2025\/08\/Logo_Serra-da-Groba.svg","caption":"Tienda Fundacion Bretal"},"image":{"@id":"https:\/\/www.tiendafundacionbretal.com\/#\/schema\/logo\/image\/"}}]}},"_links":{"self":[{"href":"https:\/\/www.tiendafundacionbretal.com\/gl\/wp-json\/wp\/v2\/product\/413","targetHints":{"allow":["GET"]}}],"collection":[{"href":"https:\/\/www.tiendafundacionbretal.com\/gl\/wp-json\/wp\/v2\/product"}],"about":[{"href":"https:\/\/www.tiendafundacionbretal.com\/gl\/wp-json\/wp\/v2\/types\/product"}],"replies":[{"embeddable":true,"href":"https:\/\/www.tiendafundacionbretal.com\/gl\/wp-json\/wp\/v2\/comments?post=413"}],"wp:featuredmedia":[{"embeddable":true,"href":"https:\/\/www.tiendafundacionbretal.com\/gl\/wp-json\/wp\/v2\/media\/524"}],"wp:attachment":[{"href":"https:\/\/www.tiendafundacionbretal.com\/gl\/wp-json\/wp\/v2\/media?parent=413"}],"wp:term":[{"taxonomy":"product_brand","embeddable":true,"href":"https:\/\/www.tiendafundacionbretal.com\/gl\/wp-json\/wp\/v2\/product_brand?post=413"},{"taxonomy":"product_cat","embeddable":true,"href":"https:\/\/www.tiendafundacionbretal.com\/gl\/wp-json\/wp\/v2\/product_cat?post=413"},{"taxonomy":"product_tag","embeddable":true,"href":"https:\/\/www.tiendafundacionbretal.com\/gl\/wp-json\/wp\/v2\/product_tag?post=413"}],"curies":[{"name":"wp","href":"https:\/\/api.w.org\/{rel}","templated":true}]}}