{"id":459,"date":"2025-08-06T17:22:53","date_gmt":"2025-08-06T15:22:53","guid":{"rendered":"https:\/\/www.tiendafundacionbretal.com\/politica-privacidad\/"},"modified":"2025-10-23T19:36:19","modified_gmt":"2025-10-23T17:36:19","slug":"politica-privacidad","status":"publish","type":"page","link":"https:\/\/www.tiendafundacionbretal.com\/gl\/politica-privacidad\/","title":{"rendered":"Pol\u00edtica de privacidade"},"content":{"rendered":"\t\t<div data-elementor-type=\"wp-page\" data-elementor-id=\"459\" class=\"elementor elementor-459 elementor-3\" data-elementor-post-type=\"page\">\n\t\t\t\t<div class=\"elementor-element elementor-element-f686c81 e-flex e-con-boxed e-con e-parent\" data-id=\"f686c81\" data-element_type=\"container\">\n\t\t\t\t\t<div class=\"e-con-inner\">\n\t\t\t\t<div class=\"elementor-element elementor-element-fb83724 elementor-widget elementor-widget-heading\" data-id=\"fb83724\" data-element_type=\"widget\" data-widget_type=\"heading.default\">\n\t\t\t\t\t<h1 class=\"elementor-heading-title elementor-size-default\">Pol\u00edtica de privacidade<\/h1>\t\t\t\t<\/div>\n\t\t\t\t<div class=\"elementor-element elementor-element-96d1a13 link-blue elementor-widget elementor-widget-text-editor\" data-id=\"96d1a13\" data-element_type=\"widget\" data-widget_type=\"text-editor.default\">\n\t\t\t\t\t\t\t\t\t<ol>\n<li><b><span data-contrast=\"auto\"> DATOS IDENTIFICATIVOS:&nbsp;<\/span><\/b>En cumprimento do deber de informaci\u00f3n recollido no artigo 10 da Lei 34\/2002, do 11 de xullo, de Servizos da Sociedade da Informaci\u00f3n e do Comercio Electr\u00f3nico, refl\u00edctense a continuaci\u00f3n os seguintes datos: a empresa titular de <a href=\"http:\/\/www.tiendafundacionbretal.com\" target=\"_new\" rel=\"noopener\" data-start=\"389\" data-end=\"418\">www.tiendafundacionbretal.com<\/a> \u00e9 FUNDACI\u00d3N BRETAL, con CIF n\u00famero G 16.684.367 e domicilio a estes efectos na R\u00faa Pontevedra 4, 3\u00aa Planta, 36.201, Vigo (Pontevedra), con correo electr\u00f3nico de contacto: atenci\u00f3<a rel=\"noopener\" data-start=\"597\" data-end=\"615\">n@tiendabretal.com<\/a><\/li>\n<li><b><span data-contrast=\"auto\"> USUARIOS:&nbsp;<\/span><\/b>O USUARIO acepta as Condici\u00f3ns Xerais de uso aqu\u00ed reflectidas. As devanditas condici\u00f3ns ser\u00e1n de aplicaci\u00f3n independentemente das Condici\u00f3ns Xerais de Contrataci\u00f3n que no seu caso resulten de obrigado cumprimento. O USUARIO ser\u00e1 responsable de aportar informaci\u00f3n veraz e l\u00edcita. O USUARIO comprom\u00e9tese a facer un uso axeitado dos servizos que FUNDACI\u00d3N BRETAL ofrece, compromet\u00e9ndose a non utilizalos para actividades que poidan ser il\u00edcitas, contrarias \u00e1 orde p\u00fablica, \u00e1 defensa nacional ou \u00e1 sa\u00fade p\u00fablica.<br><p data-start=\"1142\" data-end=\"1258\">Do mesmo xeito, FUNDACI\u00d3N BRETAL res\u00e9rvase o dereito a modificar en calquera momento as presentes condici\u00f3ns de uso.<\/p>\n<\/li>\n<\/ol>\n<p><span data-ccp-props=\"{}\">&nbsp;<\/span><\/p>\n<ol start=\"3\">\n<li><b><span data-contrast=\"auto\"> PROTECCI\u00d3N DE DATOS DE CAR\u00c1CTER PERSONAL<\/span><\/b><\/li>\n<\/ol>\n<table data-tablestyle=\"MsoTableGrid\" data-tablelook=\"1184\" aria-rowcount=\"7\">\n<tbody>\n<tr aria-rowindex=\"1\">\n<td colspan=\"2\" data-celllook=\"69905\">\n<p><b><span data-contrast=\"auto\">INFORMACI\u00d3N B\u00c1SICA SOBRE PROTECCI\u00d3N DE DATOS<\/span><\/b><span data-ccp-props=\"{&quot;201341983&quot;:0,&quot;335559739&quot;:160,&quot;335559740&quot;:278}\">&nbsp;<\/span><\/p>\n<\/td>\n<\/tr>\n<tr aria-rowindex=\"2\">\n<td data-celllook=\"4369\">\n<p><b><span data-contrast=\"auto\">Responsable<\/span><\/b><span data-ccp-props=\"{&quot;201341983&quot;:0,&quot;335559739&quot;:160,&quot;335559740&quot;:278}\">&nbsp;<\/span><\/p>\n<\/td>\n<td data-celllook=\"4369\">\n<p><span data-ccp-props=\"{&quot;201341983&quot;:0,&quot;335559739&quot;:160,&quot;335559740&quot;:278}\">&nbsp;<\/span><\/p>\n<p><b><span data-contrast=\"auto\">FUNDACI\u00d3N BRETAL<\/span><\/b><span data-ccp-props=\"{&quot;201341983&quot;:0,&quot;335559739&quot;:160,&quot;335559740&quot;:278}\">&nbsp;<\/span><\/p>\n<p><span data-ccp-props=\"{&quot;201341983&quot;:0,&quot;335559739&quot;:160,&quot;335559740&quot;:278}\">&nbsp;<\/span><\/p>\n<\/td>\n<\/tr>\n<tr aria-rowindex=\"3\">\n<td data-celllook=\"4369\">\n<p><b><span data-contrast=\"auto\">Finalidad<\/span><\/b><span data-ccp-props=\"{&quot;201341983&quot;:0,&quot;335559739&quot;:160,&quot;335559740&quot;:278}\"><b>e<\/b><\/span><\/p>\n<\/td>\n<td data-celllook=\"4369\">\n<p><span data-ccp-props=\"{&quot;201341983&quot;:0,&quot;335559739&quot;:160,&quot;335559740&quot;:278}\">&nbsp;<\/span><span style=\"font-size: 0.9em;\">Xesti\u00f3n da solicitude<\/span><span style=\"font-size: 0.9em;\">&nbsp;<\/span><\/p>\n<\/td>\n<\/tr>\n<tr aria-rowindex=\"4\">\n<td data-celllook=\"4369\">\n<p><b><span data-contrast=\"auto\">Lexitimaci\u00f3n<\/span><\/b><span data-ccp-props=\"{&quot;201341983&quot;:0,&quot;335559739&quot;:160,&quot;335559740&quot;:278}\">&nbsp;<\/span><\/p>\n<\/td>\n<td data-celllook=\"4369\">\n<p><span style=\"font-size: 0.9em;\">Execuci\u00f3n dun contrato \/ prestaci\u00f3n de servizos<\/span><span style=\"font-size: 0.9em;\">&nbsp;<\/span><\/p>\n<\/td>\n<\/tr>\n<tr aria-rowindex=\"5\">\n<td data-celllook=\"4369\">\n<p><b><span data-contrast=\"auto\">Destinatarios<\/span><\/b><span data-ccp-props=\"{&quot;201341983&quot;:0,&quot;335559739&quot;:160,&quot;335559740&quot;:278}\">&nbsp;<\/span><\/p>\n<\/td>\n<td data-celllook=\"4369\">\n<p><span data-ccp-props=\"{&quot;201341983&quot;:0,&quot;335559739&quot;:160,&quot;335559740&quot;:278}\">&nbsp;<\/span><\/p>\n<p><span data-contrast=\"auto\">Otras empresas o filiales del GRUPO KALEIDO&nbsp;<\/span><span data-ccp-props=\"{&quot;201341983&quot;:0,&quot;335559739&quot;:160,&quot;335559740&quot;:278}\">&nbsp;<\/span><\/p>\n<p><span data-ccp-props=\"{&quot;201341983&quot;:0,&quot;335559739&quot;:160,&quot;335559740&quot;:278}\">&nbsp;<\/span><\/p>\n<\/td>\n<\/tr>\n<tr aria-rowindex=\"6\">\n<td data-celllook=\"4369\">\n<p><b>Dereitos<\/b><\/p>\n<\/td>\n<td data-celllook=\"4369\">\n<p><span data-ccp-props=\"{&quot;201341983&quot;:0,&quot;335559739&quot;:160,&quot;335559740&quot;:278}\">&nbsp;<\/span><span style=\"font-size: 0.9em;\">Pode exercitar os dereitos de acceso, rectificaci\u00f3n, supresi\u00f3n, limitaci\u00f3n, oposici\u00f3n e portabilidade dos datos achegados, como se indica na informaci\u00f3n adicional.<\/span><span style=\"font-size: 0.9em;\">&nbsp;<\/span><\/p>\n<\/td>\n<\/tr>\n<tr aria-rowindex=\"7\">\n<td data-celllook=\"4369\">\n<p><b><span data-contrast=\"auto\">Informaci\u00f3n Adicional<\/span><\/b><span data-ccp-props=\"{&quot;201341983&quot;:0,&quot;335559739&quot;:160,&quot;335559740&quot;:278}\">&nbsp;<\/span><\/p>\n<\/td>\n<td data-celllook=\"4369\">\n<p><span data-ccp-props=\"{&quot;201341983&quot;:0,&quot;335559739&quot;:160,&quot;335559740&quot;:278}\">&nbsp;<\/span><span style=\"font-size: 0.9em;\">Pode consultar a informaci\u00f3n adicional e detallada sobre Protecci\u00f3n de Datos seguindo o seguinte enlace:<\/span><\/p>\n<p><b><span style=\"font-size: 0.9em;\">+Info Protecci\u00f3n de Datos<\/span><span style=\"font-size: 0.9em;\">&nbsp;<\/span><\/b><\/p>\n<p><span style=\"font-size: 0.9em;\">&nbsp;<\/span><\/p>\n<\/td>\n<\/tr>\n<\/tbody>\n<\/table>\n<p><span data-ccp-props=\"{}\">&nbsp;<\/span><\/p>\n<p><b><span data-contrast=\"auto\">POLITICA DE PRIVACIDADE (II)&nbsp;<\/span><\/b><span data-ccp-props=\"{}\">&nbsp;<\/span><\/p>\n<p><b><span data-contrast=\"auto\">+Info Protecci\u00f3n de Datos<\/span><\/b><span data-ccp-props=\"{}\">&nbsp;<\/span><\/p>\n<table data-tablestyle=\"MsoTableGrid\" data-tablelook=\"1184\" aria-rowcount=\"6\">\n<tbody>\n<tr aria-rowindex=\"1\">\n<td colspan=\"2\" data-celllook=\"69905\">\n<p><b><span data-contrast=\"auto\">INFORMACI\u00d3N DETALLADA PROTECCI\u00d3N DE DATOS<\/span><\/b><span data-ccp-props=\"{&quot;201341983&quot;:0,&quot;335559739&quot;:160,&quot;335559740&quot;:278}\">&nbsp;<\/span><\/p>\n<\/td>\n<\/tr>\n<tr aria-rowindex=\"2\">\n<td data-celllook=\"4369\">\n<p><b><span data-contrast=\"auto\">Responsable<\/span><\/b><span data-ccp-props=\"{&quot;201341983&quot;:0,&quot;335559739&quot;:160,&quot;335559740&quot;:278}\">&nbsp;<\/span><\/p>\n<\/td>\n<td data-celllook=\"4369\">\n<p><b><i>Quen \u00e9 o Responsable do tratamento dos seus datos?<\/i><\/b><\/p>\n<p>Identidade: FUNDACI\u00d3N BRETAL<\/p>\n<p>Domicilio Social: R\u00faa Pontevedra 4, 3\u00aa Planta, 36.201, Vigo (Pontevedra)<\/p>\n<p>Tel\u00e9fono: (+34) 695 482 786<\/p>\n<p>Email: atenci\u00f3<a data-start=\"2265\" data-end=\"2283\" rel=\"noopener\">n@tiendabretal.com<\/a><\/p>\n<p>Contacto DPD: <a data-start=\"2300\" data-end=\"2316\" rel=\"noopener\">dpo@aysinnova.es<\/a><\/p>\n<\/td>\n<\/tr>\n<tr aria-rowindex=\"3\">\n<td data-celllook=\"4369\">\n<p><b><span data-contrast=\"auto\">Finalidade<\/span><\/b><span data-ccp-props=\"{&quot;201341983&quot;:0,&quot;335559739&quot;:160,&quot;335559740&quot;:278}\">&nbsp;<\/span><\/p>\n<\/td>\n<td data-celllook=\"4369\">\n<p><b><i>Con que finalidade tratamos os seus datos persoais?<\/i><\/b><\/p>\n<p data-start=\"2320\" data-end=\"2630\">En FUNDACI\u00d3N BRETAL tratamos a informaci\u00f3n que nos facilitan as persoas interesadas co fin de xestionar o env\u00edo da informaci\u00f3n ou dos produtos solicitados.<br data-start=\"2546\" data-end=\"2549\">Non se realizar\u00e1n tratamentos de datos automatizados co fin de elaborar perf\u00eds.<\/p>\n<p><\/p>\n<p data-start=\"2632\" data-end=\"2809\"><br><\/p>\n<p><b><i>Por canto tempo conservaremos os seus datos?<\/i><\/b><\/p>\n<p data-start=\"2632\" data-end=\"2809\" style=\"font-size: 14.4px;\">Os datos persoais facilitados polo usuario conservaranse mentres non se solicite a supresi\u00f3n dos mesmos por parte do interesado.<\/p>\n<\/td>\n<\/tr>\n<tr aria-rowindex=\"4\">\n<td data-celllook=\"4369\">\n<p><b><span data-contrast=\"auto\">Lexitimaci\u00f3n<\/span><\/b><span data-ccp-props=\"{&quot;201341983&quot;:0,&quot;335559739&quot;:160,&quot;335559740&quot;:278}\">&nbsp;<\/span><\/p>\n<\/td>\n<td data-celllook=\"4369\">\n<p><span data-contrast=\"auto\">A base legal para o tratamento dos seus datos \u00e9 a execuci\u00f3n da s\u00faa solicitude.<\/span><\/p>\n<\/td>\n<\/tr>\n<tr aria-rowindex=\"5\">\n<td data-celllook=\"4369\">\n<p><b><span data-contrast=\"auto\">Destinatarios<\/span><\/b><span data-ccp-props=\"{&quot;201341983&quot;:0,&quot;335559739&quot;:160,&quot;335559740&quot;:278}\">&nbsp;<\/span><\/p>\n<\/td>\n<td data-celllook=\"4369\">\n<p><b><i>A que destinatarios se comunicar\u00e1n os seus datos?<\/i><\/b><\/p>\n<p>FUNDACI\u00d3N BRETAL non realiza cesi\u00f3ns de datos a terceiros salvo a outras empresas ou filiais do GRUPO KALEIDO (MARE SOLUCIONES LOG\u00cdSTICAS, S.L., KALEIDO FREIGHT SERVICES, S.L., KALEIDO LOGISTICS, S.L., KALEIDO SCM, S.L., KALEIDO TECHNOLOGY SOLUTIONS, S.L., RESIDENCIAL MONASTERIO DE OIA, S.A., MARE INICIATIVAS EMPRESARIALES, S.L., FUNDACI\u00d3N BRETAL e ESTIBADORA GALEGA S.A.U.) para fins administrativos e de xesti\u00f3n interna; e \u00e1s Administraci\u00f3ns p\u00fablicas \u00e1s que se atope obrigado por lei.<\/p>\n<\/td>\n<\/tr>\n<tr aria-rowindex=\"6\">\n<td data-celllook=\"4369\">\n<p><b>Dereitos<\/b><\/p>\n<\/td>\n<td data-celllook=\"4369\">\n<p data-start=\"3476\" data-end=\"4043\">O usuario poder\u00e1 exercer en todo momento os dereitos de Acceso, Rectificaci\u00f3n, Supresi\u00f3n, Limitaci\u00f3n, Oposici\u00f3n e Portabilidade dos datos achegados, segundo o disposto no Regulamento Xeral (UE) 2016\/679 de Protecci\u00f3n de Datos, e na Lei Org\u00e1nica 3\/2018, do 5 de decembro, de Protecci\u00f3n de Datos Persoais e garant\u00eda dos dereitos dixitais, dirixindo un escrito no que especifique que dereito desexa exercer e adxuntando copia dun documento oficial que o identifique dirixido \u00e1 direcci\u00f3n arriba indicada ou ao correo electr\u00f3nico atenci\u00f3<a data-start=\"4023\" data-end=\"4041\" rel=\"noopener\">n@tiendabretal.com<\/a><\/p>\n<p data-start=\"3476\" data-end=\"4043\"><span style=\"font-size: 0.9em;\">Ademais, o interesado pode presentar unha reclamaci\u00f3n ante a Autoridade de Control.<\/span><\/p>\n<\/td>\n<\/tr>\n<\/tbody>\n<\/table>\n<p><span data-ccp-props=\"{}\">&nbsp;<\/span><\/p>\n<p data-start=\"4132\" data-end=\"4976\">En cumprimento do Regulamento Xeral (UE) 2016\/679 de Protecci\u00f3n de Datos, e da Lei Org\u00e1nica 3\/2018, do 5 de decembro, de Protecci\u00f3n de Datos Persoais e garant\u00eda dos dereitos dixitais, comunicamos ao usuario que os datos persoais que nos facilite de forma voluntaria, por calquera dos nosos medios de recollida de informaci\u00f3n, van ser incorporados \u00e1s Actividades de Tratamento automatizados de datos de car\u00e1cter persoal titularidade de FUNDACI\u00d3N BRETAL, co fin de poderlle prestar os nosos servizos, as\u00ed como para mantelo informado sobre cuesti\u00f3ns relativas \u00e1 actividade da empresa e os seus servizos. Os campos marcados con \u201c*\u201d son de car\u00e1cter obrigatorio, polo que a non cumplimentaci\u00f3n destes campos impedir\u00e1 ao USUARIO disfrutar de alg\u00fans dos Servizos e informaci\u00f3ns ofrecidas. Os datos contidos neles ser\u00e1n tratados de forma confidencial.<\/p><p data-start=\"4978\" data-end=\"5160\">FUNDACI\u00d3N BRETAL cumpre \u00edntegramente coa lexislaci\u00f3n vixente en materia de protecci\u00f3n de datos de car\u00e1cter persoal e cos compromisos de confidencialidade propios da s\u00faa actividade.<\/p><p data-start=\"5162\" data-end=\"5706\">FUNDACI\u00d3N BRETAL adoptou as medidas t\u00e9cnicas necesarias para manter o nivel de seguridade requerido, segundo a natureza dos datos persoais tratados e as circunstancias do tratamento, co obxecto de evitar, na medida do posible e sempre segundo o estado da t\u00e9cnica, a s\u00faa alteraci\u00f3n, perda, tratamento ou acceso non autorizado. Para a realizaci\u00f3n da xesti\u00f3n antes mencionada pode ser necesario que se cedan os datos a encargados do tratamento, empresas colaboradoras e administraci\u00f3ns p\u00fablicas (as cales poden verificar a veracidade dos datos).<\/p><p data-start=\"5708\" data-end=\"6096\">No caso de que o USUARIO facilite datos de car\u00e1cter persoal, referentes a persoas f\u00edsicas distintas a si mesmo, o USUARIO deber\u00e1, con car\u00e1cter previo \u00e1 inclusi\u00f3n, inform\u00e1rlle do contido da presente cl\u00e1usula, de acordo co Regulamento Xeral (UE) 2016\/679 de Protecci\u00f3n de Datos e coa Lei Org\u00e1nica 3\/2018, do 5 de decembro, de Protecci\u00f3n de Datos Persoais e garant\u00eda dos dereitos dixitais.<\/p><p data-start=\"6098\" data-end=\"6612\">FUNDACI\u00d3N BRETAL como responsable da Actividade de Tratamento garante o exercicio dos dereitos de acceso, rectificaci\u00f3n, supresi\u00f3n, limitaci\u00f3n, oposici\u00f3n e portabilidade dos datos achegados, segundo o disposto no Regulamento Xeral (UE) 2016\/679 de Protecci\u00f3n de Datos, e na Lei Org\u00e1nica 3\/2018, do 5 de decembro, de Protecci\u00f3n de Datos Persoais e garant\u00eda dos dereitos dixitais. O USUARIO poder\u00e1 exercer en todo momento os dereitos, dirixindo un escrito ao domicilio social, adxuntando copia do DNI ou Pasaporte.<\/p><p data-start=\"6614\" data-end=\"6736\">FUNDACI\u00d3N BRETAL garante que todas as comunicaci\u00f3ns comerciais que dirixe aos seus clientes cumpren a normativa vixente.<\/p><p data-start=\"6738\" data-end=\"7064\">Por iso, en cumprimento da Lei 34\/2002 de Servizos da Sociedade da Informaci\u00f3n e de Comercio Electr\u00f3nico e da Lei 11\/2022 Xeral de Telecomunicaci\u00f3ns, inf\u00f3rmase ao USUARIO que FUNDACI\u00d3N BRETAL poder\u00e1 enviar informaci\u00f3n por medios electr\u00f3nicos sobre produtos e servizos de interese, a o que vostede presta o seu consentimento.<\/p><p>\n\n\n\n\n\n\n<\/p><p data-start=\"7066\" data-end=\"7159\">En calquera momento poder\u00e1 revogar esta autorizaci\u00f3n na direcci\u00f3n atenci\u00f3<a data-start=\"7139\" data-end=\"7157\" class=\"decorated-link cursor-pointer\" rel=\"noopener\">n@tiendabretal.com<\/a><\/p>\t\t\t\t\t\t\t\t<\/div>\n\t\t\t\t\t<\/div>\n\t\t\t\t<\/div>\n\t\t\t\t<\/div>\n\t\t","protected":false},"excerpt":{"rendered":"<p>Pol\u00edtica de privacidade DATOS IDENTIFICATIVOS:&nbsp;En cumprimento do deber de informaci\u00f3n recollido no artigo 10 da Lei 34\/2002, do 11 de xullo, de Servizos da Sociedade da Informaci\u00f3n e do Comercio Electr\u00f3nico, refl\u00edctense a continuaci\u00f3n os seguintes datos: a empresa titular de www.tiendafundacionbretal.com \u00e9 FUNDACI\u00d3N BRETAL, con CIF n\u00famero G 16.684.367 e domicilio a estes efectos [&hellip;]<\/p>\n","protected":false},"author":1,"featured_media":0,"parent":0,"menu_order":0,"comment_status":"closed","ping_status":"open","template":"","meta":{"_acf_changed":false,"footnotes":""},"class_list":["post-459","page","type-page","status-publish","hentry"],"acf":[],"yoast_head":"<!-- This site is optimized with the Yoast SEO plugin v26.7 - https:\/\/yoast.com\/wordpress\/plugins\/seo\/ -->\n<title>Pol\u00edtica de privacidade - Tienda Fundacion Bretal<\/title>\n<meta name=\"robots\" content=\"index, follow, max-snippet:-1, max-image-preview:large, max-video-preview:-1\" \/>\n<link rel=\"canonical\" href=\"https:\/\/www.tiendafundacionbretal.com\/gl\/politica-privacidad\/\" \/>\n<meta property=\"og:locale\" content=\"gl_ES\" \/>\n<meta property=\"og:type\" content=\"article\" \/>\n<meta property=\"og:title\" content=\"Pol\u00edtica de privacidade - Tienda Fundacion Bretal\" \/>\n<meta property=\"og:description\" content=\"Pol\u00edtica de privacidade DATOS IDENTIFICATIVOS:&nbsp;En cumprimento do deber de informaci\u00f3n recollido no artigo 10 da Lei 34\/2002, do 11 de xullo, de Servizos da Sociedade da Informaci\u00f3n e do Comercio Electr\u00f3nico, refl\u00edctense a continuaci\u00f3n os seguintes datos: a empresa titular de www.tiendafundacionbretal.com \u00e9 FUNDACI\u00d3N BRETAL, con CIF n\u00famero G 16.684.367 e domicilio a estes efectos [&hellip;]\" \/>\n<meta property=\"og:url\" content=\"https:\/\/www.tiendafundacionbretal.com\/gl\/politica-privacidad\/\" \/>\n<meta property=\"og:site_name\" content=\"Tienda Fundacion Bretal\" \/>\n<meta property=\"article:modified_time\" content=\"2025-10-23T17:36:19+00:00\" \/>\n<meta name=\"twitter:card\" content=\"summary_large_image\" \/>\n<meta name=\"twitter:label1\" content=\"Tempo de lectura\" \/>\n\t<meta name=\"twitter:data1\" content=\"6 minutos\" \/>\n<script type=\"application\/ld+json\" class=\"yoast-schema-graph\">{\"@context\":\"https:\/\/schema.org\",\"@graph\":[{\"@type\":\"WebPage\",\"@id\":\"https:\/\/www.tiendafundacionbretal.com\/gl\/politica-privacidad\/\",\"url\":\"https:\/\/www.tiendafundacionbretal.com\/gl\/politica-privacidad\/\",\"name\":\"Pol\u00edtica de privacidade - Tienda Fundacion Bretal\",\"isPartOf\":{\"@id\":\"https:\/\/www.tiendafundacionbretal.com\/#website\"},\"datePublished\":\"2025-08-06T15:22:53+00:00\",\"dateModified\":\"2025-10-23T17:36:19+00:00\",\"breadcrumb\":{\"@id\":\"https:\/\/www.tiendafundacionbretal.com\/gl\/politica-privacidad\/#breadcrumb\"},\"inLanguage\":\"gl-ES\",\"potentialAction\":[{\"@type\":\"ReadAction\",\"target\":[\"https:\/\/www.tiendafundacionbretal.com\/gl\/politica-privacidad\/\"]}]},{\"@type\":\"BreadcrumbList\",\"@id\":\"https:\/\/www.tiendafundacionbretal.com\/gl\/politica-privacidad\/#breadcrumb\",\"itemListElement\":[{\"@type\":\"ListItem\",\"position\":1,\"name\":\"Portada\",\"item\":\"https:\/\/www.tiendafundacionbretal.com\/gl\/inicio\/\"},{\"@type\":\"ListItem\",\"position\":2,\"name\":\"Pol\u00edtica de privacidade\"}]},{\"@type\":\"WebSite\",\"@id\":\"https:\/\/www.tiendafundacionbretal.com\/#website\",\"url\":\"https:\/\/www.tiendafundacionbretal.com\/\",\"name\":\"Tienda Fundacion Bretal\",\"description\":\"\",\"publisher\":{\"@id\":\"https:\/\/www.tiendafundacionbretal.com\/#organization\"},\"potentialAction\":[{\"@type\":\"SearchAction\",\"target\":{\"@type\":\"EntryPoint\",\"urlTemplate\":\"https:\/\/www.tiendafundacionbretal.com\/?s={search_term_string}\"},\"query-input\":{\"@type\":\"PropertyValueSpecification\",\"valueRequired\":true,\"valueName\":\"search_term_string\"}}],\"inLanguage\":\"gl-ES\"},{\"@type\":\"Organization\",\"@id\":\"https:\/\/www.tiendafundacionbretal.com\/#organization\",\"name\":\"Tienda Fundacion Bretal\",\"url\":\"https:\/\/www.tiendafundacionbretal.com\/\",\"logo\":{\"@type\":\"ImageObject\",\"inLanguage\":\"gl-ES\",\"@id\":\"https:\/\/www.tiendafundacionbretal.com\/#\/schema\/logo\/image\/\",\"url\":\"https:\/\/www.tiendafundacionbretal.com\/wp-content\/uploads\/2025\/08\/Logo_Serra-da-Groba.svg\",\"contentUrl\":\"https:\/\/www.tiendafundacionbretal.com\/wp-content\/uploads\/2025\/08\/Logo_Serra-da-Groba.svg\",\"caption\":\"Tienda Fundacion Bretal\"},\"image\":{\"@id\":\"https:\/\/www.tiendafundacionbretal.com\/#\/schema\/logo\/image\/\"}}]}<\/script>\n<!-- \/ Yoast SEO plugin. -->","yoast_head_json":{"title":"Pol\u00edtica de privacidade - Tienda Fundacion Bretal","robots":{"index":"index","follow":"follow","max-snippet":"max-snippet:-1","max-image-preview":"max-image-preview:large","max-video-preview":"max-video-preview:-1"},"canonical":"https:\/\/www.tiendafundacionbretal.com\/gl\/politica-privacidad\/","og_locale":"gl_ES","og_type":"article","og_title":"Pol\u00edtica de privacidade - Tienda Fundacion Bretal","og_description":"Pol\u00edtica de privacidade DATOS IDENTIFICATIVOS:&nbsp;En cumprimento do deber de informaci\u00f3n recollido no artigo 10 da Lei 34\/2002, do 11 de xullo, de Servizos da Sociedade da Informaci\u00f3n e do Comercio Electr\u00f3nico, refl\u00edctense a continuaci\u00f3n os seguintes datos: a empresa titular de www.tiendafundacionbretal.com \u00e9 FUNDACI\u00d3N BRETAL, con CIF n\u00famero G 16.684.367 e domicilio a estes efectos [&hellip;]","og_url":"https:\/\/www.tiendafundacionbretal.com\/gl\/politica-privacidad\/","og_site_name":"Tienda Fundacion Bretal","article_modified_time":"2025-10-23T17:36:19+00:00","twitter_card":"summary_large_image","twitter_misc":{"Tempo de lectura":"6 minutos"},"schema":{"@context":"https:\/\/schema.org","@graph":[{"@type":"WebPage","@id":"https:\/\/www.tiendafundacionbretal.com\/gl\/politica-privacidad\/","url":"https:\/\/www.tiendafundacionbretal.com\/gl\/politica-privacidad\/","name":"Pol\u00edtica de privacidade - Tienda Fundacion Bretal","isPartOf":{"@id":"https:\/\/www.tiendafundacionbretal.com\/#website"},"datePublished":"2025-08-06T15:22:53+00:00","dateModified":"2025-10-23T17:36:19+00:00","breadcrumb":{"@id":"https:\/\/www.tiendafundacionbretal.com\/gl\/politica-privacidad\/#breadcrumb"},"inLanguage":"gl-ES","potentialAction":[{"@type":"ReadAction","target":["https:\/\/www.tiendafundacionbretal.com\/gl\/politica-privacidad\/"]}]},{"@type":"BreadcrumbList","@id":"https:\/\/www.tiendafundacionbretal.com\/gl\/politica-privacidad\/#breadcrumb","itemListElement":[{"@type":"ListItem","position":1,"name":"Portada","item":"https:\/\/www.tiendafundacionbretal.com\/gl\/inicio\/"},{"@type":"ListItem","position":2,"name":"Pol\u00edtica de privacidade"}]},{"@type":"WebSite","@id":"https:\/\/www.tiendafundacionbretal.com\/#website","url":"https:\/\/www.tiendafundacionbretal.com\/","name":"Tienda Fundacion Bretal","description":"","publisher":{"@id":"https:\/\/www.tiendafundacionbretal.com\/#organization"},"potentialAction":[{"@type":"SearchAction","target":{"@type":"EntryPoint","urlTemplate":"https:\/\/www.tiendafundacionbretal.com\/?s={search_term_string}"},"query-input":{"@type":"PropertyValueSpecification","valueRequired":true,"valueName":"search_term_string"}}],"inLanguage":"gl-ES"},{"@type":"Organization","@id":"https:\/\/www.tiendafundacionbretal.com\/#organization","name":"Tienda Fundacion Bretal","url":"https:\/\/www.tiendafundacionbretal.com\/","logo":{"@type":"ImageObject","inLanguage":"gl-ES","@id":"https:\/\/www.tiendafundacionbretal.com\/#\/schema\/logo\/image\/","url":"https:\/\/www.tiendafundacionbretal.com\/wp-content\/uploads\/2025\/08\/Logo_Serra-da-Groba.svg","contentUrl":"https:\/\/www.tiendafundacionbretal.com\/wp-content\/uploads\/2025\/08\/Logo_Serra-da-Groba.svg","caption":"Tienda Fundacion Bretal"},"image":{"@id":"https:\/\/www.tiendafundacionbretal.com\/#\/schema\/logo\/image\/"}}]}},"_links":{"self":[{"href":"https:\/\/www.tiendafundacionbretal.com\/gl\/wp-json\/wp\/v2\/pages\/459","targetHints":{"allow":["GET"]}}],"collection":[{"href":"https:\/\/www.tiendafundacionbretal.com\/gl\/wp-json\/wp\/v2\/pages"}],"about":[{"href":"https:\/\/www.tiendafundacionbretal.com\/gl\/wp-json\/wp\/v2\/types\/page"}],"author":[{"embeddable":true,"href":"https:\/\/www.tiendafundacionbretal.com\/gl\/wp-json\/wp\/v2\/users\/1"}],"replies":[{"embeddable":true,"href":"https:\/\/www.tiendafundacionbretal.com\/gl\/wp-json\/wp\/v2\/comments?post=459"}],"version-history":[{"count":4,"href":"https:\/\/www.tiendafundacionbretal.com\/gl\/wp-json\/wp\/v2\/pages\/459\/revisions"}],"predecessor-version":[{"id":463,"href":"https:\/\/www.tiendafundacionbretal.com\/gl\/wp-json\/wp\/v2\/pages\/459\/revisions\/463"}],"wp:attachment":[{"href":"https:\/\/www.tiendafundacionbretal.com\/gl\/wp-json\/wp\/v2\/media?parent=459"}],"curies":[{"name":"wp","href":"https:\/\/api.w.org\/{rel}","templated":true}]}}